{"id":19806,"date":"2022-05-03T16:41:54","date_gmt":"2022-05-03T14:41:54","guid":{"rendered":"https:\/\/www.ostrealia.fr\/?post_type=product&#038;p=19806"},"modified":"2025-11-18T11:27:33","modified_gmt":"2025-11-18T10:27:33","slug":"coffret-fete-des-meres-teint-radieux","status":"publish","type":"product","link":"https:\/\/www.ostrealia.fr\/en\/produit\/coffret-fete-des-meres-teint-radieux\/","title":{"rendered":"COFFRET FETE DES MERES: TEINT RADIEUX"},"content":{"rendered":"\n<section id=\"gmff09c55\" class=\"wp-block-gutentor-m4 section-gmff09c55 gutentor-module gutentor-advanced-columns has-image-bg has-custom-bg g-valign-c-mobile g-valign-c-tablet g-valign-c-desktop has-gutentor-block-shape-top has-gutentor-block-shape-bottom gutentor-equal-column-height\"><div class=\"gutentor-block-shape-top\"><span><svg xmlns=\"http:\/\/www.w3.org\/2000\/svg\" viewBox=\"0 0 1920 435\" preserveAspectRatio=\"none\"><path class=\"path1\" d=\"M1920,435.1H0V49c32.8,32,92.7,82.1,180,108.3C486.8,249.6,554.4-28.5,918,9.1C1152.9,33.4,1328.5,180,1602,176 c137.7-2,248.9-43,318-75C1920,229.7,1920,306.4,1920,435.1z\" style=\"fill-rule:evenodd;opacity:0.33; transform: rotate(180deg); transform-origin:50% 50%;\" ><\/path><path class=\"path2\" d=\"M1920,288.1c-228,42-357.8,100.5-489,54c-254.1-90-325.1-324.6-603-315C619.8,34.3,532.8,150,280.5,228.8    c-136.7,42.7-178-42.7-280.5-48.6v255h1920V288.1z\" style=\"fill-rule:evenodd;opacity:0.66; transform: rotate(180deg); transform-origin:50% 50%;\"><\/path><path class=\"path3\" d=\"M1920,435.1H0v-215c81,5,135,77,243,41c199.3-66.4,294.5-143.1,405-162c315-54,384.2,131.1,585,207 c165,62.4,385,129,687-120C1920,236.1,1920,385.1,1920,435.1z\" style=\"fill-rule:evenodd; transform: rotate(180deg); transform-origin:50% 50%;\"><\/path><\/svg><\/span><\/div><div class=\"grid-container\"><div class=\"grid-row\">\n<div id=\"col-gm5408c3\" class=\"wp-block-gutentor-m4-col col-gm5408c3 gutentor-single-column  grid-lg-6 grid-md-12 grid-12\"><div id=\"section-gm5408c3\" class=\"section-gm5408c3 gutentor-col-wrap has-color-bg has-custom-bg\">\n<div class=\"wp-block-uagb-advanced-heading uagb-block-daaa1962\"><h2 class=\"uagb-heading-text\">COFFRET TEINT RADIEUX<\/h2><div class=\"uagb-separator-wrap\"><div class=\"uagb-separator\"><\/div><\/div><p class=\"uagb-desc-text\"><br><\/p><\/div>\n\n\n\n<p class=\"has-ast-global-color-5-color has-text-color\">Un coffret pour la f\u00eate des m\u00e8res avec <br>&#8211; S\u00e9rum Elixir de perle<br>&#8211; Huile visage, corps et cheveux Lagune d&#8217;Or<br>&#8211; Concentr\u00e9 de parfum Bleu Lagune <\/p>\n\n\n\n<p class=\"has-ast-global-color-5-color has-text-color\">*  Collier olfactif offert<\/p>\n\n\n\n<p><\/p>\n\n\n\n<p><\/p>\n\n\n\n<p><\/p>\n<\/div><\/div>\n\n\n\n<div id=\"col-gme5419d\" class=\"wp-block-gutentor-m4-col col-gme5419d gutentor-single-column  grid-lg-6 grid-md-12 grid-12\"><div id=\"section-gme5419d\" class=\"section-gme5419d gutentor-col-wrap\">\n<p><\/p>\n<\/div><\/div>\n<\/div><\/div><div class=\"gutentor-block-shape-bottom\"><span><svg xmlns=\"http:\/\/www.w3.org\/2000\/svg\" viewBox=\"0 0 1920 435\" preserveAspectRatio=\"none\"><path class=\"path1\" d=\"M1920,435.1H0V49c32.8,32,92.7,82.1,180,108.3C486.8,249.6,554.4-28.5,918,9.1C1152.9,33.4,1328.5,180,1602,176 c137.7-2,248.9-43,318-75C1920,229.7,1920,306.4,1920,435.1z\" style=\"fill-rule:evenodd;opacity:0.33; transform: rotate(180deg); transform-origin:50% 50%;\" ><\/path><path class=\"path2\" d=\"M1920,288.1c-228,42-357.8,100.5-489,54c-254.1-90-325.1-324.6-603-315C619.8,34.3,532.8,150,280.5,228.8    c-136.7,42.7-178-42.7-280.5-48.6v255h1920V288.1z\" style=\"fill-rule:evenodd;opacity:0.66; transform: rotate(180deg); transform-origin:50% 50%;\"><\/path><path class=\"path3\" d=\"M1920,435.1H0v-215c81,5,135,77,243,41c199.3-66.4,294.5-143.1,405-162c315-54,384.2,131.1,585,207 c165,62.4,385,129,687-120C1920,236.1,1920,385.1,1920,435.1z\" style=\"fill-rule:evenodd; transform: rotate(180deg); transform-origin:50% 50%;\"><\/path><\/svg><\/span><\/div><\/section>\n","protected":false},"excerpt":{"rendered":"<p>Un coffret pour la f\u00eate des m\u00e8res avec un s\u00e9rum Elixir de Perle, une huile Lagune d&#8217;Or, Concentr\u00e9 de parfum Bleu Lagune et un collier olfactif offert.<\/p>\n","protected":false},"featured_media":19807,"comment_status":"closed","ping_status":"closed","template":"","meta":{"_acf_changed":false,"_monsterinsights_skip_tracking":false,"_monsterinsights_sitenote_active":false,"_monsterinsights_sitenote_note":"","_monsterinsights_sitenote_category":0},"product_brand":[],"product_cat":[87],"product_tag":[],"class_list":{"0":"post-19806","1":"product","2":"type-product","3":"status-publish","4":"has-post-thumbnail","6":"product_cat-coffret-cosmetique-bien-etre","8":"first","9":"outofstock","10":"sale","11":"taxable","12":"shipping-taxable","13":"purchasable","14":"product-type-bundle"},"composite_virtual":false,"composite_layout":"","composite_add_to_cart_form_location":"","composite_editable_in_cart":false,"composite_sold_individually_context":"","composite_shop_price_calc":"","composite_components":[],"composite_scenarios":[],"bundled_by":[],"bundle_stock_status":"outofstock","bundle_stock_quantity":0,"bundle_virtual":false,"bundle_layout":"tabular","bundle_add_to_cart_form_location":"after_summary","bundle_editable_in_cart":false,"bundle_sold_individually_context":"product","bundle_item_grouping":"parent","bundle_min_size":"","bundle_max_size":"","bundle_price":{"price":{"min":{"incl_tax":"119","excl_tax":"99.166667"},"max":{"incl_tax":"119","excl_tax":"99.166667"}},"regular_price":{"min":{"incl_tax":"174","excl_tax":"145"},"max":{"incl_tax":"174","excl_tax":"145"}}},"bundled_items":[{"bundled_item_id":87,"product_id":8567,"menu_order":0,"quantity_min":1,"quantity_max":1,"quantity_default":1,"priced_individually":false,"shipped_individually":false,"override_title":false,"title":"","override_description":false,"description":"","optional":false,"hide_thumbnail":false,"discount":"","override_variations":false,"allowed_variations":[],"override_default_variation_attributes":false,"default_variation_attributes":[],"single_product_visibility":"visible","cart_visibility":"visible","order_visibility":"visible","single_product_price_visibility":"visible","cart_price_visibility":"visible","order_price_visibility":"visible","stock_status":"in_stock"},{"bundled_item_id":101,"product_id":8503,"menu_order":1,"quantity_min":1,"quantity_max":1,"quantity_default":1,"priced_individually":false,"shipped_individually":false,"override_title":false,"title":"","override_description":false,"description":"","optional":false,"hide_thumbnail":false,"discount":"","override_variations":false,"allowed_variations":[],"override_default_variation_attributes":false,"default_variation_attributes":[],"single_product_visibility":"visible","cart_visibility":"visible","order_visibility":"visible","single_product_price_visibility":"visible","cart_price_visibility":"visible","order_price_visibility":"visible","stock_status":"in_stock"},{"bundled_item_id":102,"product_id":11057,"menu_order":2,"quantity_min":1,"quantity_max":1,"quantity_default":1,"priced_individually":false,"shipped_individually":false,"override_title":false,"title":"","override_description":false,"description":"","optional":false,"hide_thumbnail":false,"discount":"","override_variations":false,"allowed_variations":[],"override_default_variation_attributes":false,"default_variation_attributes":[],"single_product_visibility":"visible","cart_visibility":"visible","order_visibility":"visible","single_product_price_visibility":"visible","cart_price_visibility":"visible","order_price_visibility":"visible","stock_status":"in_stock"},{"bundled_item_id":103,"product_id":17016,"menu_order":3,"quantity_min":1,"quantity_max":1,"quantity_default":1,"priced_individually":false,"shipped_individually":false,"override_title":false,"title":"","override_description":false,"description":"","optional":false,"hide_thumbnail":false,"discount":"","override_variations":false,"allowed_variations":[],"override_default_variation_attributes":false,"default_variation_attributes":[],"single_product_visibility":"visible","cart_visibility":"visible","order_visibility":"visible","single_product_price_visibility":"visible","cart_price_visibility":"visible","order_price_visibility":"visible","stock_status":"in_stock"}],"bundle_sell_ids":[],"acf":[],"yoast_head":"<!-- This site is optimized with the Yoast SEO Premium plugin v20.10 (Yoast SEO v27.5) - https:\/\/yoast.com\/product\/yoast-seo-premium-wordpress\/ -->\n<title>COFFRET FETE DES MERES: TEINT RADIEUX - Ostrealia cosm\u00e9tiques marins \u00e0 base de nacre made in France et 100% naturels<\/title>\n<meta name=\"robots\" content=\"index, follow, max-snippet:-1, max-image-preview:large, max-video-preview:-1\" \/>\n<link rel=\"canonical\" href=\"https:\/\/www.ostrealia.fr\/en\/produit\/coffret-fete-des-meres-teint-radieux\/\" \/>\n<meta property=\"og:locale\" content=\"en_US\" \/>\n<meta property=\"og:type\" content=\"article\" \/>\n<meta property=\"og:title\" content=\"COFFRET FETE DES MERES: TEINT RADIEUX\" \/>\n<meta property=\"og:description\" content=\"Un coffret pour la f\u00eate des m\u00e8res avec un s\u00e9rum Elixir de Perle, une huile Lagune d&#039;Or, Concentr\u00e9 de parfum Bleu Lagune et un collier olfactif offert.\" \/>\n<meta property=\"og:url\" content=\"https:\/\/www.ostrealia.fr\/en\/produit\/coffret-fete-des-meres-teint-radieux\/\" \/>\n<meta property=\"og:site_name\" content=\"Ostrealia cosm\u00e9tiques marins \u00e0 base de nacre made in France et 100% naturels\" \/>\n<meta property=\"article:modified_time\" content=\"2025-11-18T10:27:33+00:00\" \/>\n<meta property=\"og:image\" content=\"https:\/\/www.ostrealia.fr\/wp-content\/uploads\/1-1.png\" \/>\n\t<meta property=\"og:image:width\" content=\"1080\" \/>\n\t<meta property=\"og:image:height\" content=\"1080\" \/>\n\t<meta property=\"og:image:type\" content=\"image\/png\" \/>\n<meta name=\"twitter:card\" content=\"summary_large_image\" \/>\n<meta name=\"twitter:label1\" content=\"Price\" \/>\n\t<meta name=\"twitter:data1\" content=\"119,00&euro;\" \/>\n\t<meta name=\"twitter:label2\" content=\"Availability\" \/>\n\t<meta name=\"twitter:data2\" content=\"Out of stock\" \/>\n<script type=\"application\/ld+json\" class=\"yoast-schema-graph\">{\"@context\":\"https:\\\/\\\/schema.org\",\"@graph\":[{\"@type\":\"WebPage\",\"@id\":\"https:\\\/\\\/www.ostrealia.fr\\\/en\\\/produit\\\/coffret-fete-des-meres-teint-radieux\\\/\",\"url\":\"https:\\\/\\\/www.ostrealia.fr\\\/en\\\/produit\\\/coffret-fete-des-meres-teint-radieux\\\/\",\"name\":\"COFFRET FETE DES MERES: TEINT RADIEUX - Ostrealia cosm\u00e9tiques marins \u00e0 base de nacre made in France et 100% naturels\",\"isPartOf\":{\"@id\":\"https:\\\/\\\/www.ostrealia.fr\\\/en\\\/#website\"},\"primaryImageOfPage\":{\"@id\":\"https:\\\/\\\/www.ostrealia.fr\\\/en\\\/produit\\\/coffret-fete-des-meres-teint-radieux\\\/#primaryimage\"},\"image\":{\"@id\":\"https:\\\/\\\/www.ostrealia.fr\\\/en\\\/produit\\\/coffret-fete-des-meres-teint-radieux\\\/#primaryimage\"},\"thumbnailUrl\":\"https:\\\/\\\/www.ostrealia.fr\\\/wp-content\\\/uploads\\\/1-1.png\",\"datePublished\":\"2022-05-03T14:41:54+00:00\",\"dateModified\":\"2025-11-18T10:27:33+00:00\",\"breadcrumb\":{\"@id\":\"https:\\\/\\\/www.ostrealia.fr\\\/en\\\/produit\\\/coffret-fete-des-meres-teint-radieux\\\/#breadcrumb\"},\"inLanguage\":\"en-US\",\"potentialAction\":[{\"@type\":\"ReadAction\",\"target\":[\"https:\\\/\\\/www.ostrealia.fr\\\/en\\\/produit\\\/coffret-fete-des-meres-teint-radieux\\\/\"]}]},{\"@type\":\"ImageObject\",\"inLanguage\":\"en-US\",\"@id\":\"https:\\\/\\\/www.ostrealia.fr\\\/en\\\/produit\\\/coffret-fete-des-meres-teint-radieux\\\/#primaryimage\",\"url\":\"https:\\\/\\\/www.ostrealia.fr\\\/wp-content\\\/uploads\\\/1-1.png\",\"contentUrl\":\"https:\\\/\\\/www.ostrealia.fr\\\/wp-content\\\/uploads\\\/1-1.png\",\"width\":1080,\"height\":1080},{\"@type\":\"BreadcrumbList\",\"@id\":\"https:\\\/\\\/www.ostrealia.fr\\\/en\\\/produit\\\/coffret-fete-des-meres-teint-radieux\\\/#breadcrumb\",\"itemListElement\":[{\"@type\":\"ListItem\",\"position\":1,\"name\":\"Home\",\"item\":\"https:\\\/\\\/www.ostrealia.fr\\\/en\\\/home-ostrealia-marine-cosmetics\\\/\"},{\"@type\":\"ListItem\",\"position\":2,\"name\":\"Products\",\"item\":\"https:\\\/\\\/www.ostrealia.fr\\\/en\\\/boutique\\\/\"},{\"@type\":\"ListItem\",\"position\":3,\"name\":\"COFFRET FETE DES MERES: TEINT RADIEUX\"}]},{\"@type\":\"WebSite\",\"@id\":\"https:\\\/\\\/www.ostrealia.fr\\\/en\\\/#website\",\"url\":\"https:\\\/\\\/www.ostrealia.fr\\\/en\\\/\",\"name\":\"Ostrealia cosm\u00e9tiques marins \u00e0 base de nacre made in France et 100% naturels\",\"description\":\"La vie vient de la mer\",\"potentialAction\":[{\"@type\":\"SearchAction\",\"target\":{\"@type\":\"EntryPoint\",\"urlTemplate\":\"https:\\\/\\\/www.ostrealia.fr\\\/en\\\/?s={search_term_string}\"},\"query-input\":{\"@type\":\"PropertyValueSpecification\",\"valueRequired\":true,\"valueName\":\"search_term_string\"}}],\"inLanguage\":\"en-US\"}]}<\/script>\n<meta property=\"product:price:amount\" content=\"119.00\" \/>\n<meta property=\"product:price:currency\" content=\"EUR\" \/>\n<meta property=\"og:availability\" content=\"out of stock\" \/>\n<meta property=\"product:availability\" content=\"out of stock\" \/>\n<meta property=\"product:condition\" content=\"new\" \/>\n<!-- \/ Yoast SEO Premium plugin. -->","yoast_head_json":{"title":"COFFRET FETE DES MERES: TEINT RADIEUX - Ostrealia cosm\u00e9tiques marins \u00e0 base de nacre made in France et 100% naturels","robots":{"index":"index","follow":"follow","max-snippet":"max-snippet:-1","max-image-preview":"max-image-preview:large","max-video-preview":"max-video-preview:-1"},"canonical":"https:\/\/www.ostrealia.fr\/en\/produit\/coffret-fete-des-meres-teint-radieux\/","og_locale":"en_US","og_type":"article","og_title":"COFFRET FETE DES MERES: TEINT RADIEUX","og_description":"Un coffret pour la f\u00eate des m\u00e8res avec un s\u00e9rum Elixir de Perle, une huile Lagune d'Or, Concentr\u00e9 de parfum Bleu Lagune et un collier olfactif offert.","og_url":"https:\/\/www.ostrealia.fr\/en\/produit\/coffret-fete-des-meres-teint-radieux\/","og_site_name":"Ostrealia cosm\u00e9tiques marins \u00e0 base de nacre made in France et 100% naturels","article_modified_time":"2025-11-18T10:27:33+00:00","og_image":[{"width":1080,"height":1080,"url":"https:\/\/www.ostrealia.fr\/wp-content\/uploads\/1-1.png","type":"image\/png"}],"twitter_card":"summary_large_image","twitter_misc":{"Price":"119,00&euro;","Availability":"Out of stock"},"schema":{"@context":"https:\/\/schema.org","@graph":[{"@type":"WebPage","@id":"https:\/\/www.ostrealia.fr\/en\/produit\/coffret-fete-des-meres-teint-radieux\/","url":"https:\/\/www.ostrealia.fr\/en\/produit\/coffret-fete-des-meres-teint-radieux\/","name":"COFFRET FETE DES MERES: TEINT RADIEUX - Ostrealia cosm\u00e9tiques marins \u00e0 base de nacre made in France et 100% naturels","isPartOf":{"@id":"https:\/\/www.ostrealia.fr\/en\/#website"},"primaryImageOfPage":{"@id":"https:\/\/www.ostrealia.fr\/en\/produit\/coffret-fete-des-meres-teint-radieux\/#primaryimage"},"image":{"@id":"https:\/\/www.ostrealia.fr\/en\/produit\/coffret-fete-des-meres-teint-radieux\/#primaryimage"},"thumbnailUrl":"https:\/\/www.ostrealia.fr\/wp-content\/uploads\/1-1.png","datePublished":"2022-05-03T14:41:54+00:00","dateModified":"2025-11-18T10:27:33+00:00","breadcrumb":{"@id":"https:\/\/www.ostrealia.fr\/en\/produit\/coffret-fete-des-meres-teint-radieux\/#breadcrumb"},"inLanguage":"en-US","potentialAction":[{"@type":"ReadAction","target":["https:\/\/www.ostrealia.fr\/en\/produit\/coffret-fete-des-meres-teint-radieux\/"]}]},{"@type":"ImageObject","inLanguage":"en-US","@id":"https:\/\/www.ostrealia.fr\/en\/produit\/coffret-fete-des-meres-teint-radieux\/#primaryimage","url":"https:\/\/www.ostrealia.fr\/wp-content\/uploads\/1-1.png","contentUrl":"https:\/\/www.ostrealia.fr\/wp-content\/uploads\/1-1.png","width":1080,"height":1080},{"@type":"BreadcrumbList","@id":"https:\/\/www.ostrealia.fr\/en\/produit\/coffret-fete-des-meres-teint-radieux\/#breadcrumb","itemListElement":[{"@type":"ListItem","position":1,"name":"Home","item":"https:\/\/www.ostrealia.fr\/en\/home-ostrealia-marine-cosmetics\/"},{"@type":"ListItem","position":2,"name":"Products","item":"https:\/\/www.ostrealia.fr\/en\/boutique\/"},{"@type":"ListItem","position":3,"name":"COFFRET FETE DES MERES: TEINT RADIEUX"}]},{"@type":"WebSite","@id":"https:\/\/www.ostrealia.fr\/en\/#website","url":"https:\/\/www.ostrealia.fr\/en\/","name":"Ostrealia cosm\u00e9tiques marins \u00e0 base de nacre made in France et 100% naturels","description":"La vie vient de la mer","potentialAction":[{"@type":"SearchAction","target":{"@type":"EntryPoint","urlTemplate":"https:\/\/www.ostrealia.fr\/en\/?s={search_term_string}"},"query-input":{"@type":"PropertyValueSpecification","valueRequired":true,"valueName":"search_term_string"}}],"inLanguage":"en-US"}]},"product_price_amount":"119.00","product_price_currency":"EUR","og_availability":"out of stock","product_availability":"out of stock","product_condition":"new"},"_links":{"self":[{"href":"https:\/\/www.ostrealia.fr\/en\/wp-json\/wp\/v2\/product\/19806","targetHints":{"allow":["GET"]}}],"collection":[{"href":"https:\/\/www.ostrealia.fr\/en\/wp-json\/wp\/v2\/product"}],"about":[{"href":"https:\/\/www.ostrealia.fr\/en\/wp-json\/wp\/v2\/types\/product"}],"replies":[{"embeddable":true,"href":"https:\/\/www.ostrealia.fr\/en\/wp-json\/wp\/v2\/comments?post=19806"}],"version-history":[{"count":1,"href":"https:\/\/www.ostrealia.fr\/en\/wp-json\/wp\/v2\/product\/19806\/revisions"}],"predecessor-version":[{"id":23383,"href":"https:\/\/www.ostrealia.fr\/en\/wp-json\/wp\/v2\/product\/19806\/revisions\/23383"}],"wp:featuredmedia":[{"embeddable":true,"href":"https:\/\/www.ostrealia.fr\/en\/wp-json\/wp\/v2\/media\/19807"}],"wp:attachment":[{"href":"https:\/\/www.ostrealia.fr\/en\/wp-json\/wp\/v2\/media?parent=19806"}],"wp:term":[{"taxonomy":"product_brand","embeddable":true,"href":"https:\/\/www.ostrealia.fr\/en\/wp-json\/wp\/v2\/product_brand?post=19806"},{"taxonomy":"product_cat","embeddable":true,"href":"https:\/\/www.ostrealia.fr\/en\/wp-json\/wp\/v2\/product_cat?post=19806"},{"taxonomy":"product_tag","embeddable":true,"href":"https:\/\/www.ostrealia.fr\/en\/wp-json\/wp\/v2\/product_tag?post=19806"}],"curies":[{"name":"wp","href":"https:\/\/api.w.org\/{rel}","templated":true}]}}