{"id":8503,"date":"2018-10-10T09:55:32","date_gmt":"2018-10-10T07:55:32","guid":{"rendered":"https:\/\/www.boutique-ostrealia.fr\/\/?post_type=product&#038;p=8503"},"modified":"2025-10-17T14:52:08","modified_gmt":"2025-10-17T12:52:08","slug":"serum-anti-age-nacre-elixir-de-perle","status":"publish","type":"product","link":"https:\/\/www.ostrealia.fr\/en\/produit\/serum-anti-age-nacre-elixir-de-perle\/","title":{"rendered":"SERUM ANTI AGE \u00c9LIXIR DE PERLE"},"content":{"rendered":"<p>Utilisez le serum anti age naturel \u00c9lixir de Perle pour obtenir une peau plus jeune !<\/p>\n<h5>Vous recherchez des effets tels que :<\/h5>\n<h6>Le s\u00e9rum att\u00e9nue les rides, les ridules et la perte d&#8217;\u00e9lasticit\u00e9, favorisant ainsi la r\u00e9juv\u00e9nation de la peau. En outre, ce s\u00e9rum hydrate la peau en profondeur gr\u00e2ce aux extraits de nacre et d&#8217;eau de mer qu&#8217;il contient.<\/h6>\n<p>Vous voulez en savoir plus sur l&#8217;actif nacre ? <a href=\"https:\/\/www.ostrealia.fr\/nacre-et-cosmetique\/\">Cliquez ici !<\/a><\/p>\n<p>Il stimule \u00e9galement la production de collag\u00e8ne gr\u00e2ce \u00e0 sa teneur \u00e9lev\u00e9e en vitamine C, un antioxydant puissant qui contribue \u00e0 rendre la peau plus ferme et plus jeune. De plus, il am\u00e9liore l&#8217;\u00e9lasticit\u00e9 de la peau, car l&#8217;ADN marin hydrate, favorise l&#8217;oxyg\u00e9nation et stimule la croissance cellulaire.<\/p>\n<p>Ce s\u00e9rum anti-\u00e2ge naturel est un v\u00e9ritable bouclier anti-pollution. Il permet un teint plus lumineux. Ainsi, il convient \u00e0 tous les types de peaux.<\/p>\n<h5><span style=\"font-weight: 400;\">CONSEILS D\u2019UTILISATION<\/span><\/h5>\n<ul>\n<li><span style=\"font-weight: 300;\">Appliquer matin et soir sur une peau propre.<\/span><\/li>\n<\/ul>\n<p>Flacon : 30 ml<\/p>\n<p><span style=\"font-weight: 300;\">A la suite de l&#8217;utilisation de ce serum anti-\u00e2ge naturel, compl\u00e9tez votre c\u00e9r\u00e9monie de soins du visage avec la <a href=\"https:\/\/www.ostrealia.fr\/produit\/creme-hydratante-jour-visage-soin-anti-age-secret-de-lagune\/\">cr\u00e8me de jour<\/a>.<\/span><\/p>\n","protected":false},"excerpt":{"rendered":"<p>Le s\u00e9rum anti \u00e2ge \u00c9lixir de Perle <span style=\"font-size: 1rem;\">allie habilement les propri\u00e9t\u00e9s r\u00e9g\u00e9n\u00e9rantes de l&#8217;extrait de nacre \u00e0 l&#8217;eau de mer. Gr\u00e2ce \u00e0 des composants tels que la vitamine C, l&#8217;ADN marin et le silicium, votre peau serra inond\u00e9 d&#8217;antioxydant .<br \/>\n<\/span><span style=\"font-size: 1rem;\">Adapt\u00e9 \u00e0 tous les types de peaux, ce s\u00e9rum cible sp\u00e9cifiquement les signes du vieillissement cutan\u00e9\u00a0 permettant ainsi d&#8217;obtenir une peau plus jeune et plus lumineuse. Gr\u00e2ce \u00e0 son utilisation, votre peau est d\u00e9toxifi\u00e9e, hydrat\u00e9e et prot\u00e9g\u00e9e. <\/span><span style=\"font-size: 1rem;\">Enfin, il joue le r\u00f4le d&#8217;un v\u00e9ritable bouclier anti-pollution, renfor\u00e7ant les d\u00e9fenses de la peau contre les agressions ext\u00e9rieures telles que les rayons UV et le froid, tout en am\u00e9liorant la r\u00e9g\u00e9n\u00e9ration cellulaire.<\/span><\/p>\n","protected":false},"featured_media":21651,"comment_status":"closed","ping_status":"closed","template":"","meta":{"_acf_changed":false,"_monsterinsights_skip_tracking":false,"_monsterinsights_sitenote_active":false,"_monsterinsights_sitenote_note":"","_monsterinsights_sitenote_category":0},"product_brand":[],"product_cat":[83],"product_tag":[271],"class_list":{"0":"post-8503","1":"product","2":"type-product","3":"status-publish","4":"has-post-thumbnail","6":"product_cat-visage","7":"product_tag-iconiques","8":"pa_actifs-acide-hyaluronique","9":"pa_actifs-nacre","10":"pa_actifs-vitamine-c","11":"pa_effets-antiage","12":"pa_effets-antipollution","13":"pa_effets-booster-declat","14":"pa_effets-hydratation","15":"pa_galenique-serum","16":"pa_posologie-matin-seulement","17":"pa_posologie-soir-seulement","18":"pa_pour-femme","19":"pa_type-de-peau-a-imperfection","20":"pa_type-de-peau-grasse","21":"pa_type-de-peau-mixte","22":"pa_type-de-peau-normale","23":"pa_type-de-peau-seche","24":"pa_type-de-peau-sensible","25":"pa_type-de-peau-tres-seche","26":"pa_type-de-produits-cosmetique","27":"pa_type-de-produits-iconique","28":"pa_zone-cible-visage","30":"first","31":"instock","32":"taxable","33":"shipping-taxable","34":"purchasable","35":"product-type-simple"},"composite_virtual":false,"composite_layout":"","composite_add_to_cart_form_location":"","composite_editable_in_cart":false,"composite_sold_individually_context":"","composite_shop_price_calc":"","composite_components":[],"composite_scenarios":[],"bundled_by":["9529","18569","19806","22327"],"bundle_stock_status":"instock","bundle_stock_quantity":null,"bundle_virtual":false,"bundle_layout":"","bundle_add_to_cart_form_location":"","bundle_editable_in_cart":false,"bundle_sold_individually_context":"","bundle_item_grouping":"","bundle_min_size":"","bundle_max_size":"","bundle_price":[],"bundled_items":[],"bundle_sell_ids":[],"acf":[],"yoast_head":"<!-- This site is optimized with the Yoast SEO Premium plugin v20.10 (Yoast SEO v27.5) - https:\/\/yoast.com\/product\/yoast-seo-premium-wordpress\/ -->\n<title>serum anti \u00e2ge naturel \u2022 Ostrealia cosm\u00e9tique fran\u00e7ais \u00e0 la nacre<\/title>\n<meta name=\"description\" content=\"S\u00e9rum anti age naturel fran\u00e7ais \u00e0 base d&#039;extrait de nacre aux effet anti-oxydant, anti-inflammatoire, remin\u00e9ralisant, hydratant, v\u00e9ritable effet peau neuve.\" \/>\n<meta name=\"robots\" content=\"index, follow, max-snippet:-1, max-image-preview:large, max-video-preview:-1\" \/>\n<link rel=\"canonical\" href=\"https:\/\/www.ostrealia.fr\/en\/produit\/serum-anti-age-nacre-elixir-de-perle\/\" \/>\n<meta property=\"og:locale\" content=\"en_US\" \/>\n<meta property=\"og:type\" content=\"article\" \/>\n<meta property=\"og:title\" content=\"SERUM ANTI AGE \u00c9LIXIR DE PERLE\" \/>\n<meta property=\"og:description\" content=\"S\u00e9rum anti age naturel fran\u00e7ais \u00e0 base d&#039;extrait de nacre aux effet anti-oxydant, anti-inflammatoire, remin\u00e9ralisant, hydratant, v\u00e9ritable effet peau neuve.\" \/>\n<meta property=\"og:url\" content=\"https:\/\/www.ostrealia.fr\/en\/produit\/serum-anti-age-nacre-elixir-de-perle\/\" \/>\n<meta property=\"og:site_name\" content=\"Ostrealia cosm\u00e9tiques marins \u00e0 base de nacre made in France et 100% naturels\" \/>\n<meta property=\"article:modified_time\" content=\"2025-10-17T12:52:08+00:00\" \/>\n<meta property=\"og:image\" content=\"https:\/\/www.ostrealia.fr\/wp-content\/uploads\/elixir-de-perle-ostrealia-serum.png\" \/>\n\t<meta property=\"og:image:width\" content=\"1080\" \/>\n\t<meta property=\"og:image:height\" content=\"1080\" \/>\n\t<meta property=\"og:image:type\" content=\"image\/png\" \/>\n<meta name=\"twitter:card\" content=\"summary_large_image\" \/>\n<meta name=\"twitter:label1\" content=\"Price\" \/>\n\t<meta name=\"twitter:data1\" content=\"85,00&euro;\" \/>\n\t<meta name=\"twitter:label2\" content=\"Availability\" \/>\n\t<meta name=\"twitter:data2\" content=\"In stock\" \/>\n<script type=\"application\/ld+json\" class=\"yoast-schema-graph\">{\"@context\":\"https:\\\/\\\/schema.org\",\"@graph\":[{\"@type\":\"WebPage\",\"@id\":\"https:\\\/\\\/www.ostrealia.fr\\\/en\\\/produit\\\/serum-anti-age-nacre-elixir-de-perle\\\/\",\"url\":\"https:\\\/\\\/www.ostrealia.fr\\\/en\\\/produit\\\/serum-anti-age-nacre-elixir-de-perle\\\/\",\"name\":\"serum anti \u00e2ge naturel \u2022 Ostrealia cosm\u00e9tique fran\u00e7ais \u00e0 la nacre\",\"isPartOf\":{\"@id\":\"https:\\\/\\\/www.ostrealia.fr\\\/en\\\/#website\"},\"primaryImageOfPage\":{\"@id\":\"https:\\\/\\\/www.ostrealia.fr\\\/en\\\/produit\\\/serum-anti-age-nacre-elixir-de-perle\\\/#primaryimage\"},\"image\":{\"@id\":\"https:\\\/\\\/www.ostrealia.fr\\\/en\\\/produit\\\/serum-anti-age-nacre-elixir-de-perle\\\/#primaryimage\"},\"thumbnailUrl\":\"https:\\\/\\\/www.ostrealia.fr\\\/wp-content\\\/uploads\\\/elixir-de-perle-ostrealia-serum.png\",\"datePublished\":\"2018-10-10T07:55:32+00:00\",\"dateModified\":\"2025-10-17T12:52:08+00:00\",\"description\":\"S\u00e9rum anti age naturel fran\u00e7ais \u00e0 base d'extrait de nacre aux effet anti-oxydant, anti-inflammatoire, remin\u00e9ralisant, hydratant, v\u00e9ritable effet peau neuve.\",\"breadcrumb\":{\"@id\":\"https:\\\/\\\/www.ostrealia.fr\\\/en\\\/produit\\\/serum-anti-age-nacre-elixir-de-perle\\\/#breadcrumb\"},\"inLanguage\":\"en-US\",\"potentialAction\":[{\"@type\":\"ReadAction\",\"target\":[\"https:\\\/\\\/www.ostrealia.fr\\\/en\\\/produit\\\/serum-anti-age-nacre-elixir-de-perle\\\/\"]}]},{\"@type\":\"ImageObject\",\"inLanguage\":\"en-US\",\"@id\":\"https:\\\/\\\/www.ostrealia.fr\\\/en\\\/produit\\\/serum-anti-age-nacre-elixir-de-perle\\\/#primaryimage\",\"url\":\"https:\\\/\\\/www.ostrealia.fr\\\/wp-content\\\/uploads\\\/elixir-de-perle-ostrealia-serum.png\",\"contentUrl\":\"https:\\\/\\\/www.ostrealia.fr\\\/wp-content\\\/uploads\\\/elixir-de-perle-ostrealia-serum.png\",\"width\":1080,\"height\":1080,\"caption\":\"pr\u00e9sentation du S\u00e9rum anti age naturel fran\u00e7ais \u00e0 base de nacre Elixir de perle\"},{\"@type\":\"BreadcrumbList\",\"@id\":\"https:\\\/\\\/www.ostrealia.fr\\\/en\\\/produit\\\/serum-anti-age-nacre-elixir-de-perle\\\/#breadcrumb\",\"itemListElement\":[{\"@type\":\"ListItem\",\"position\":1,\"name\":\"Home\",\"item\":\"https:\\\/\\\/www.ostrealia.fr\\\/en\\\/home-ostrealia-marine-cosmetics\\\/\"},{\"@type\":\"ListItem\",\"position\":2,\"name\":\"Products\",\"item\":\"https:\\\/\\\/www.ostrealia.fr\\\/en\\\/boutique\\\/\"},{\"@type\":\"ListItem\",\"position\":3,\"name\":\"SERUM ANTI AGE \u00c9LIXIR DE PERLE\"}]},{\"@type\":\"WebSite\",\"@id\":\"https:\\\/\\\/www.ostrealia.fr\\\/en\\\/#website\",\"url\":\"https:\\\/\\\/www.ostrealia.fr\\\/en\\\/\",\"name\":\"Ostrealia cosm\u00e9tiques marins \u00e0 base de nacre made in France et 100% naturels\",\"description\":\"La vie vient de la mer\",\"potentialAction\":[{\"@type\":\"SearchAction\",\"target\":{\"@type\":\"EntryPoint\",\"urlTemplate\":\"https:\\\/\\\/www.ostrealia.fr\\\/en\\\/?s={search_term_string}\"},\"query-input\":{\"@type\":\"PropertyValueSpecification\",\"valueRequired\":true,\"valueName\":\"search_term_string\"}}],\"inLanguage\":\"en-US\"}]}<\/script>\n<meta property=\"product:price:amount\" content=\"85.00\" \/>\n<meta property=\"product:price:currency\" content=\"EUR\" \/>\n<meta property=\"og:availability\" content=\"instock\" \/>\n<meta property=\"product:availability\" content=\"instock\" \/>\n<meta property=\"product:retailer_item_id\" content=\"ELIVEN\" \/>\n<meta property=\"product:condition\" content=\"new\" \/>\n<!-- \/ Yoast SEO Premium plugin. -->","yoast_head_json":{"title":"serum anti \u00e2ge naturel \u2022 Ostrealia cosm\u00e9tique fran\u00e7ais \u00e0 la nacre","description":"S\u00e9rum anti age naturel fran\u00e7ais \u00e0 base d'extrait de nacre aux effet anti-oxydant, anti-inflammatoire, remin\u00e9ralisant, hydratant, v\u00e9ritable effet peau neuve.","robots":{"index":"index","follow":"follow","max-snippet":"max-snippet:-1","max-image-preview":"max-image-preview:large","max-video-preview":"max-video-preview:-1"},"canonical":"https:\/\/www.ostrealia.fr\/en\/produit\/serum-anti-age-nacre-elixir-de-perle\/","og_locale":"en_US","og_type":"article","og_title":"SERUM ANTI AGE \u00c9LIXIR DE PERLE","og_description":"S\u00e9rum anti age naturel fran\u00e7ais \u00e0 base d'extrait de nacre aux effet anti-oxydant, anti-inflammatoire, remin\u00e9ralisant, hydratant, v\u00e9ritable effet peau neuve.","og_url":"https:\/\/www.ostrealia.fr\/en\/produit\/serum-anti-age-nacre-elixir-de-perle\/","og_site_name":"Ostrealia cosm\u00e9tiques marins \u00e0 base de nacre made in France et 100% naturels","article_modified_time":"2025-10-17T12:52:08+00:00","og_image":[{"width":1080,"height":1080,"url":"https:\/\/www.ostrealia.fr\/wp-content\/uploads\/elixir-de-perle-ostrealia-serum.png","type":"image\/png"}],"twitter_card":"summary_large_image","twitter_misc":{"Price":"85,00&euro;","Availability":"In stock"},"schema":{"@context":"https:\/\/schema.org","@graph":[{"@type":"WebPage","@id":"https:\/\/www.ostrealia.fr\/en\/produit\/serum-anti-age-nacre-elixir-de-perle\/","url":"https:\/\/www.ostrealia.fr\/en\/produit\/serum-anti-age-nacre-elixir-de-perle\/","name":"serum anti \u00e2ge naturel \u2022 Ostrealia cosm\u00e9tique fran\u00e7ais \u00e0 la nacre","isPartOf":{"@id":"https:\/\/www.ostrealia.fr\/en\/#website"},"primaryImageOfPage":{"@id":"https:\/\/www.ostrealia.fr\/en\/produit\/serum-anti-age-nacre-elixir-de-perle\/#primaryimage"},"image":{"@id":"https:\/\/www.ostrealia.fr\/en\/produit\/serum-anti-age-nacre-elixir-de-perle\/#primaryimage"},"thumbnailUrl":"https:\/\/www.ostrealia.fr\/wp-content\/uploads\/elixir-de-perle-ostrealia-serum.png","datePublished":"2018-10-10T07:55:32+00:00","dateModified":"2025-10-17T12:52:08+00:00","description":"S\u00e9rum anti age naturel fran\u00e7ais \u00e0 base d'extrait de nacre aux effet anti-oxydant, anti-inflammatoire, remin\u00e9ralisant, hydratant, v\u00e9ritable effet peau neuve.","breadcrumb":{"@id":"https:\/\/www.ostrealia.fr\/en\/produit\/serum-anti-age-nacre-elixir-de-perle\/#breadcrumb"},"inLanguage":"en-US","potentialAction":[{"@type":"ReadAction","target":["https:\/\/www.ostrealia.fr\/en\/produit\/serum-anti-age-nacre-elixir-de-perle\/"]}]},{"@type":"ImageObject","inLanguage":"en-US","@id":"https:\/\/www.ostrealia.fr\/en\/produit\/serum-anti-age-nacre-elixir-de-perle\/#primaryimage","url":"https:\/\/www.ostrealia.fr\/wp-content\/uploads\/elixir-de-perle-ostrealia-serum.png","contentUrl":"https:\/\/www.ostrealia.fr\/wp-content\/uploads\/elixir-de-perle-ostrealia-serum.png","width":1080,"height":1080,"caption":"pr\u00e9sentation du S\u00e9rum anti age naturel fran\u00e7ais \u00e0 base de nacre Elixir de perle"},{"@type":"BreadcrumbList","@id":"https:\/\/www.ostrealia.fr\/en\/produit\/serum-anti-age-nacre-elixir-de-perle\/#breadcrumb","itemListElement":[{"@type":"ListItem","position":1,"name":"Home","item":"https:\/\/www.ostrealia.fr\/en\/home-ostrealia-marine-cosmetics\/"},{"@type":"ListItem","position":2,"name":"Products","item":"https:\/\/www.ostrealia.fr\/en\/boutique\/"},{"@type":"ListItem","position":3,"name":"SERUM ANTI AGE \u00c9LIXIR DE PERLE"}]},{"@type":"WebSite","@id":"https:\/\/www.ostrealia.fr\/en\/#website","url":"https:\/\/www.ostrealia.fr\/en\/","name":"Ostrealia cosm\u00e9tiques marins \u00e0 base de nacre made in France et 100% naturels","description":"La vie vient de la mer","potentialAction":[{"@type":"SearchAction","target":{"@type":"EntryPoint","urlTemplate":"https:\/\/www.ostrealia.fr\/en\/?s={search_term_string}"},"query-input":{"@type":"PropertyValueSpecification","valueRequired":true,"valueName":"search_term_string"}}],"inLanguage":"en-US"}]},"product_price_amount":"85.00","product_price_currency":"EUR","og_availability":"instock","product_availability":"instock","product_retailer_item_id":"ELIVEN","product_condition":"new"},"_links":{"self":[{"href":"https:\/\/www.ostrealia.fr\/en\/wp-json\/wp\/v2\/product\/8503","targetHints":{"allow":["GET"]}}],"collection":[{"href":"https:\/\/www.ostrealia.fr\/en\/wp-json\/wp\/v2\/product"}],"about":[{"href":"https:\/\/www.ostrealia.fr\/en\/wp-json\/wp\/v2\/types\/product"}],"replies":[{"embeddable":true,"href":"https:\/\/www.ostrealia.fr\/en\/wp-json\/wp\/v2\/comments?post=8503"}],"version-history":[{"count":0,"href":"https:\/\/www.ostrealia.fr\/en\/wp-json\/wp\/v2\/product\/8503\/revisions"}],"wp:featuredmedia":[{"embeddable":true,"href":"https:\/\/www.ostrealia.fr\/en\/wp-json\/wp\/v2\/media\/21651"}],"wp:attachment":[{"href":"https:\/\/www.ostrealia.fr\/en\/wp-json\/wp\/v2\/media?parent=8503"}],"wp:term":[{"taxonomy":"product_brand","embeddable":true,"href":"https:\/\/www.ostrealia.fr\/en\/wp-json\/wp\/v2\/product_brand?post=8503"},{"taxonomy":"product_cat","embeddable":true,"href":"https:\/\/www.ostrealia.fr\/en\/wp-json\/wp\/v2\/product_cat?post=8503"},{"taxonomy":"product_tag","embeddable":true,"href":"https:\/\/www.ostrealia.fr\/en\/wp-json\/wp\/v2\/product_tag?post=8503"}],"curies":[{"name":"wp","href":"https:\/\/api.w.org\/{rel}","templated":true}]}}